{"id":31,"date":"2025-09-11T01:43:43","date_gmt":"2025-09-11T01:43:43","guid":{"rendered":"http:\/\/ewjirds.cluster100.hosting.ovh.net\/?page_id=31"},"modified":"2025-09-14T01:22:10","modified_gmt":"2025-09-14T01:22:10","slug":"ressources","status":"publish","type":"page","link":"http:\/\/ewjirds.cluster100.hosting.ovh.net\/index.php\/ressources\/","title":{"rendered":"Ressources"},"content":{"rendered":"\n<p><strong><mark style=\"background-color:rgba(0, 0, 0, 0);color:#009986\" class=\"has-inline-color\">Ressources disponibles<br><\/mark><\/strong>Vous pouvez vous inspirer du travail des laur\u00e9ats des \u00e9ditions pr\u00e9c\u00e9dentes, disponibles dans la rubrique d\u00e9di\u00e9e ou encore des th\u00e9matiques ou animations propos\u00e9es lors des <a href=\"https:\/\/www.patrimoinedepays-moulins.org\/\" target=\"_blank\" rel=\"noreferrer noopener\">Journ\u00e9es du Patrimoine de Pays<\/a>.<\/p>\n\n\n\n<p>Prenez contact avec les <a href=\"https:\/\/www.patrimoine-environnement.fr\/nos-delegues-regionaux\/\" target=\"_blank\" rel=\"noreferrer noopener\">d\u00e9l\u00e9gu\u00e9s <\/a>et <a href=\"https:\/\/www.patrimoine-environnement.fr\/nos-membres-2\/\" target=\"_blank\" rel=\"noreferrer noopener\">adh\u00e9rents en r\u00e9gions<\/a> de la F\u00e9d\u00e9ration Patrimoine-Environnement<br>Prenez contact avec les <a href=\"https:\/\/www.rempart.com\/fr\/correspondants-regionaux-97\" target=\"_blank\" rel=\"noreferrer noopener\">correspondants r\u00e9gionaux<\/a> et les <a href=\"https:\/\/www.rempart.com\/fr\/rempart-en-region-2873\" target=\"_blank\" rel=\"noreferrer noopener\">associations membres<\/a> de l\u2019Union REMPART<br>Profitez des animations propos\u00e9es lors des <a href=\"https:\/\/journeesdupatrimoine.culture.gouv.fr\/\" target=\"_blank\" rel=\"noreferrer noopener\">Journ\u00e9es Europ\u00e9ennes du Patrimoine<\/a> ou des <a href=\"https:\/\/journeesarchitecture.culture.gouv.fr\/\" target=\"_blank\" rel=\"noreferrer noopener\">Journ\u00e9es de l\u2019Architecture<\/a>. Consultez la liste des <a href=\"https:\/\/www.un.org\/sustainabledevelopment\/fr\/objectifs-de-developpement-durable\/\" target=\"_blank\" rel=\"noreferrer noopener\">Objectifs de D\u00e9veloppement Durable <\/a>(ODD).<\/p>\n\n\n\n<p><strong><mark style=\"background-color:rgba(0, 0, 0, 0)\" class=\"has-inline-color has-black-color\">Ressources Patrimoine Environnement<br><\/mark><\/strong><a href=\"http:\/\/www.patrimoine-environnement.fr\/wp-content\/uploads\/2024\/11\/FICHE-PATRIMOINE-DE-PAYS-ID-PATRIMOINE.pdf\" target=\"_blank\" rel=\"noreferrer noopener\">Fiche \u00ab\u00a0Qu\u2019est-ce-que le patrimoine de pays ?\u00a0\u00bb<\/a><\/p>\n\n\n\n<p><a href=\"http:\/\/www.patrimoine-environnement.fr\/wp-content\/uploads\/2024\/11\/FICHE-QUELS-OUTILS-ID-PATRIMOINE.pdf\" target=\"_blank\" rel=\"noreferrer noopener\">Fiche \u00ab\u00a0Quels outils utiliser ?\u00a0\u00bb<\/a><\/p>\n\n\n\n<p><a href=\"http:\/\/www.patrimoine-environnement.fr\/wp-content\/uploads\/2024\/11\/FICHE-GLOSSAIRE-ID-PATRIMOINE.pdf\" target=\"_blank\" rel=\"noreferrer noopener\">Fiche glossaire<\/a><\/p>\n\n\n\n<p><a href=\"http:\/\/www.patrimoine-environnement.fr\/wp-content\/uploads\/2024\/11\/FICHE-RESSOURCES-ID-PATRIMOINE.pdf\" target=\"_blank\" rel=\"noreferrer noopener\">Fiche ressources<\/a><\/p>\n\n\n\n<p><strong><mark style=\"background-color:rgba(0, 0, 0, 0)\" class=\"has-inline-color has-black-color\">Ressources REMPART<br><\/mark><\/strong><a href=\"https:\/\/www.rempart.com\/fr\/decouvrir-le-patrimoine\/education-au-patrimoine\" target=\"_blank\" rel=\"noreferrer noopener\">\u00c9ducation au patrimoine<\/a><\/p>\n\n\n\n<p><a href=\"https:\/\/www.rempart.com\/fr\/decouvrir-le-patrimoine\/mallette-pedagogique\" target=\"_blank\" rel=\"noreferrer noopener\">Mallette p\u00e9dagogique<\/a><\/p>\n\n\n\n<p><a href=\"https:\/\/www.rempart.com\/fr\/se-former-a-tout-age\/les-metiers-du-patrimoine\" target=\"_blank\" rel=\"noreferrer noopener\">Les m\u00e9tiers du patrimoine<\/a><\/p>\n\n\n\n<p><strong><mark style=\"background-color:rgba(0, 0, 0, 0)\" class=\"has-inline-color has-black-color\">Sur le patrimoine local<br><\/mark><\/strong><a href=\"https:\/\/wiki.maisonspaysannes.org\/wiki\/Accueil\" target=\"_blank\" rel=\"noreferrer noopener\">Sur le b\u00e2ti ancien, d\u00e9couvrez le wiki Maisons Paysannes de France : <br><\/a><a href=\"http:\/\/www.inventaire.culture.gouv.fr\/\" target=\"_blank\" rel=\"noreferrer noopener\">Service de l\u2019Inventaire g\u00e9n\u00e9ral du patrimoine culturel<\/a><br><a href=\"https:\/\/www.pop.culture.gouv.fr\/\" target=\"_blank\" rel=\"noreferrer noopener\">POP : la plateforme ouverte du patrimoine<\/a><\/p>\n\n\n\n<p><strong><mark style=\"background-color:rgba(0, 0, 0, 0)\" class=\"has-inline-color has-black-color\">Sur le patrimoine naturel<br><\/mark><\/strong><a href=\"https:\/\/www.ofb.gouv.fr\/\" target=\"_blank\" rel=\"noreferrer noopener\">Office fran\u00e7ais de la biodiversit\u00e9<\/a><br><a href=\"https:\/\/www.parcs-naturels-regionaux.fr\/\" target=\"_blank\" rel=\"noreferrer noopener\">F\u00e9d\u00e9ration des Parcs naturels r\u00e9gionaux<\/a><br><a href=\"https:\/\/www.parcsnationaux.fr\/fr\" target=\"_blank\" rel=\"noreferrer noopener\">Les Parcs Nationaux de France<\/a><br><a href=\"https:\/\/fne.asso.fr\/\" target=\"_blank\" rel=\"noreferrer noopener\">France Nature Environnement<\/a><br><a href=\"https:\/\/naturefrance.fr\/\" target=\"_blank\" rel=\"noreferrer noopener\">NatureFrance<\/a><br><a href=\"https:\/\/www.brgm.fr\/fr\" target=\"_blank\" rel=\"noreferrer noopener\">\u00c9tablissement public fran\u00e7ais pour les applications des sciences de la Terre<\/a><\/p>\n\n\n\n<p><strong><mark style=\"background-color:rgba(0, 0, 0, 0)\" class=\"has-inline-color has-black-color\">Les r\u00e9seaux et labels<br><\/mark><\/strong><a href=\"https:\/\/www.fncaue.com\/accueil\/le-reseau-national\/\" target=\"_blank\" rel=\"noreferrer noopener\">F\u00e9d\u00e9ration Nationale des Conseil d\u2019Architecture, d\u2019Urbanisme et de l\u2019Environnement<\/a><br>et les Conseils d\u2019Architectes, d\u2019Urbanisme et de l\u2019Environnement dans tous les d\u00e9partements<br><a href=\"https:\/\/www.petitescitesdecaractere.com\/\" target=\"_blank\" rel=\"noreferrer noopener\">Petites Cit\u00e9s de Caract\u00e8re <\/a><br><a href=\"https:\/\/www.culture.gouv.fr\/Aides-demarches\/Protectionslabels-et-appellations\/Label-Ville-et-Pays-d-art-et-d-histoire\" target=\"_blank\" rel=\"noreferrer noopener\">Label Ville ou pays d\u2019art et d\u2019histoire<\/a><br><a href=\"http:\/\/www.patrimoine-vivant.com\/\" target=\"_blank\" rel=\"noreferrer noopener\">Entreprises du Patrimoine vivant<\/a><br><a href=\"http:\/\/fems.asso.fr\/\" target=\"_blank\" rel=\"noreferrer noopener\">F\u00e9d\u00e9ration des \u00e9comus\u00e9es et des mus\u00e9es de soci\u00e9t\u00e9<\/a><br><a href=\"https:\/\/compagnonsdutourdefrance.org\/\" target=\"_blank\" rel=\"noreferrer noopener\">Compagnons du Tour de France<\/a><br><a href=\"https:\/\/www.cnam.fr\/\" target=\"_blank\" rel=\"noreferrer noopener\">Conservatoire national des arts et m\u00e9tiers<\/a><br><a href=\"https:\/\/www.grandsitedefrance.com\/\" target=\"_blank\" rel=\"noreferrer noopener\">Grands Sites de France <\/a><\/p>\n\n\n\n<p><\/p>\n","protected":false},"excerpt":{"rendered":"<p>Ressources disponiblesVous pouvez vous inspirer du travail des laur\u00e9ats des \u00e9ditions pr\u00e9c\u00e9dentes, disponibles dans la rubrique d\u00e9di\u00e9e ou encore des th\u00e9matiques ou animations propos\u00e9es lors des Journ\u00e9es du Patrimoine de&hellip;<\/p>\n","protected":false},"author":1,"featured_media":0,"parent":0,"menu_order":0,"comment_status":"closed","ping_status":"closed","template":"","meta":{"footnotes":""},"class_list":["post-31","page","type-page","status-publish","hentry"],"_links":{"self":[{"href":"http:\/\/ewjirds.cluster100.hosting.ovh.net\/index.php\/wp-json\/wp\/v2\/pages\/31","targetHints":{"allow":["GET"]}}],"collection":[{"href":"http:\/\/ewjirds.cluster100.hosting.ovh.net\/index.php\/wp-json\/wp\/v2\/pages"}],"about":[{"href":"http:\/\/ewjirds.cluster100.hosting.ovh.net\/index.php\/wp-json\/wp\/v2\/types\/page"}],"author":[{"embeddable":true,"href":"http:\/\/ewjirds.cluster100.hosting.ovh.net\/index.php\/wp-json\/wp\/v2\/users\/1"}],"replies":[{"embeddable":true,"href":"http:\/\/ewjirds.cluster100.hosting.ovh.net\/index.php\/wp-json\/wp\/v2\/comments?post=31"}],"version-history":[{"count":4,"href":"http:\/\/ewjirds.cluster100.hosting.ovh.net\/index.php\/wp-json\/wp\/v2\/pages\/31\/revisions"}],"predecessor-version":[{"id":182,"href":"http:\/\/ewjirds.cluster100.hosting.ovh.net\/index.php\/wp-json\/wp\/v2\/pages\/31\/revisions\/182"}],"wp:attachment":[{"href":"http:\/\/ewjirds.cluster100.hosting.ovh.net\/index.php\/wp-json\/wp\/v2\/media?parent=31"}],"curies":[{"name":"wp","href":"https:\/\/api.w.org\/{rel}","templated":true}]}}